{"id":5636,"date":"2025-07-17T08:58:37","date_gmt":"2025-07-17T08:58:37","guid":{"rendered":"https:\/\/studio-daar.com\/?post_type=product&#038;p=5636"},"modified":"2025-11-06T11:44:32","modified_gmt":"2025-11-06T11:44:32","slug":"heklana-clutch-torba-model-alma-od-makrame-konca-elegantna-rucna-torbica-sa-metalnim-zatvaranjem-vise-boja","status":"publish","type":"product","link":"https:\/\/studio-daar.com\/en\/proizvodi\/heklana-clutch-torba-model-alma-od-makrame-konca-elegantna-rucna-torbica-sa-metalnim-zatvaranjem-vise-boja\/","title":{"rendered":"Heklana \u2018clutch\u2019 torba, model ALMA od makrame konca \u2013 elegantna ru\u010dna torbica sa metalnim zatvaranjem, vi\u0161e boja"},"content":{"rendered":"<hr \/>\n<p data-start=\"327\" data-end=\"500\">Predstavljamo vam jo\u0161 jedan ru\u010dno izra\u0111en dragulj iz na\u0161e kolekcije \u2013 modernu heklanu torbu od <strong data-start=\"422\" data-end=\"439\">makrame konca<\/strong>, sa sofisticiranim aluminijumskim mehanizmom za zatvaranje. Torba je postavljena iznutra.<\/p>\n<p data-start=\"502\" data-end=\"720\">Zahvaljuju\u0107i teksturi i obliku, ova torba odi\u0161e elegancijom, dok \u010dvrsti materijali pru\u017eaju dugotrajnost i stabilnost. Idealna je za sve va\u0161e <strong data-start=\"643\" data-end=\"672\">letnje odevne kombinacije<\/strong> \u2013 od lepr\u0161avih haljina do jednostavnog teksasa.<\/p>\n<p data-start=\"722\" data-end=\"863\">Unutra\u0161njost je pa\u017eljivo izra\u0111ena, a dimenzije torbe omogu\u0107avaju da u nju spakujete sve \u0161to vam treba za dnevni izlazak ili ve\u010dernji doga\u0111aj.<\/p>\n<p data-start=\"865\" data-end=\"1024\"><strong data-start=\"865\" data-end=\"879\">Dimension:<\/strong> 30 \u00d7 18 \u00d7 14 cm<br data-start=\"895\" data-end=\"898\" \/><strong data-start=\"898\" data-end=\"912\">Materijal:<\/strong> makrame konac, aluminijumski mehanizam, postava<br data-start=\"951\" data-end=\"954\" \/><strong data-start=\"954\" data-end=\"963\">Boje:<\/strong> dostupna u vi\u0161e boja (katalog u opisu)<br data-start=\"1000\" data-end=\"1003\" \/><strong data-start=\"1003\" data-end=\"1015\">No\u0161enje:<\/strong> u ruci<\/p>\n<p data-start=\"1026\" data-end=\"1045\"><strong data-start=\"1026\" data-end=\"1045\">Karakteristike:<\/strong><\/p>\n<ul data-start=\"1046\" data-end=\"1258\">\n<li data-start=\"1046\" data-end=\"1090\">\n<p data-start=\"1048\" data-end=\"1090\">Ru\u010dni rad, svaki detalj pa\u017eljivo izra\u0111en<\/p>\n<\/li>\n<li data-start=\"1091\" data-end=\"1144\">\n<p data-start=\"1093\" data-end=\"1144\">Savr\u0161en spoj prirodnog izgleda i modernog dizajna<\/p>\n<\/li>\n<li data-start=\"1145\" data-end=\"1198\">\n<p data-start=\"1147\" data-end=\"1198\">Stabilna forma zahvaljuju\u0107i aluminijumskom okviru i \u010dvrstoj postavi<\/p>\n<\/li>\n<li data-start=\"1199\" data-end=\"1258\">\n<p data-start=\"1201\" data-end=\"1258\">Vi\u0161esezonski model \u2013 najlep\u0161i akcenat uz letnju garderobu<\/p>\n<\/li>\n<\/ul>\n<p data-start=\"1260\" data-end=\"1341\">Dodajte svom stilu dozu unikatnosti i topline ru\u010dne izrade. Idealna i kao poklon!<\/p>","protected":false},"excerpt":{"rendered":"<p>Predstavljamo vam jo\u0161 jedan ru\u010dno izra\u0111en dragulj iz na\u0161e kolekcije \u2013 modernu heklanu torbu od makrame konca, sa sofisticiranim aluminijumskim mehanizmom za zatvaranje. Torba je postavljena iznutra. Zahvaljuju\u0107i teksturi i obliku, ova torba odi\u0161e elegancijom, dok \u010dvrsti materijali pru\u017eaju dugotrajnost i stabilnost. Idealna je za sve va\u0161e letnje odevne kombinacije \u2013 od lepr\u0161avih haljina do \u2026<\/p>\n<p class=\"read-more\"> <a class=\"\" href=\"https:\/\/studio-daar.com\/en\/proizvodi\/heklana-clutch-torba-model-alma-od-makrame-konca-elegantna-rucna-torbica-sa-metalnim-zatvaranjem-vise-boja\/\"> <span class=\"screen-reader-text\">Heklana \u2018clutch\u2019 torba, model ALMA od makrame konca \u2013 elegantna ru\u010dna torbica sa metalnim zatvaranjem, vi\u0161e boja<\/span> Read More \u00bb<\/a><\/p>","protected":false},"featured_media":5637,"comment_status":"open","ping_status":"closed","template":"","meta":{"inline_featured_image":false,"site-sidebar-layout":"default","site-content-layout":"default","ast-global-header-display":"","ast-banner-title-visibility":"","ast-main-header-display":"","ast-hfb-above-header-display":"","ast-hfb-below-header-display":"","ast-hfb-mobile-header-display":"","site-post-title":"","ast-breadcrumbs-content":"","ast-featured-img":"","footer-sml-layout":"","theme-transparent-header-meta":"default","adv-header-id-meta":"","stick-header-meta":"","header-above-stick-meta":"","header-main-stick-meta":"","header-below-stick-meta":""},"product_cat":[17],"product_tag":[174,184,171,185,175],"class_list":["post-5636","product","type-product","status-publish","has-post-thumbnail","hentry","product_cat-torbe123","product_tag-clutch-torba","product_tag-heklana-torbica","product_tag-letnja-torba","product_tag-torba-od-makrame-konca","product_tag-torba-za-leto","desktop-align-center","tablet-align-left","mobile-align-left"],"acf":[],"yoast_head":"<!-- This site is optimized with the Yoast SEO plugin v27.5 - https:\/\/yoast.com\/product\/yoast-seo-wordpress\/ -->\n<title>Heklana &#039;clutch&#039; torba, model ALMA od makrame konca \u2013 elegantna ru\u010dna torbica sa metalnim zatvaranjem, vi\u0161e boja - Studio Daar<\/title>\n<meta name=\"robots\" content=\"index, follow, max-snippet:-1, max-image-preview:large, max-video-preview:-1\" \/>\n<link rel=\"canonical\" href=\"https:\/\/studio-daar.com\/en\/proizvodi\/heklana-clutch-torba-model-alma-od-makrame-konca-elegantna-rucna-torbica-sa-metalnim-zatvaranjem-vise-boja\/\" \/>\n<meta property=\"og:locale\" content=\"en_US\" \/>\n<meta property=\"og:type\" content=\"article\" \/>\n<meta property=\"og:title\" content=\"Heklana &#039;clutch&#039; torba, model ALMA od makrame konca \u2013 elegantna ru\u010dna torbica sa metalnim zatvaranjem, vi\u0161e boja - Studio Daar\" \/>\n<meta property=\"og:description\" content=\"Predstavljamo vam jo\u0161 jedan ru\u010dno izra\u0111en dragulj iz na\u0161e kolekcije \u2013 modernu heklanu torbu od makrame konca, sa sofisticiranim aluminijumskim mehanizmom za zatvaranje. Torba je postavljena iznutra. Zahvaljuju\u0107i teksturi i obliku, ova torba odi\u0161e elegancijom, dok \u010dvrsti materijali pru\u017eaju dugotrajnost i stabilnost. Idealna je za sve va\u0161e letnje odevne kombinacije \u2013 od lepr\u0161avih haljina do \u2026 Heklana \u2018clutch\u2019 torba, model ALMA od makrame konca \u2013 elegantna ru\u010dna torbica sa metalnim zatvaranjem, vi\u0161e boja Read More \u00bb\" \/>\n<meta property=\"og:url\" content=\"https:\/\/studio-daar.com\/en\/proizvodi\/heklana-clutch-torba-model-alma-od-makrame-konca-elegantna-rucna-torbica-sa-metalnim-zatvaranjem-vise-boja\/\" \/>\n<meta property=\"og:site_name\" content=\"Studio Daar\" \/>\n<meta property=\"article:publisher\" content=\"https:\/\/m.facebook.com\/daarstudio\/\" \/>\n<meta property=\"article:modified_time\" content=\"2025-11-06T11:44:32+00:00\" \/>\n<meta property=\"og:image\" content=\"https:\/\/studio-daar.com\/wp-content\/uploads\/2025\/07\/BEC5C1B3-3FB6-46D9-B161-FC15C578E9BA.jpeg\" \/>\n\t<meta property=\"og:image:width\" content=\"1170\" \/>\n\t<meta property=\"og:image:height\" content=\"1560\" \/>\n\t<meta property=\"og:image:type\" content=\"image\/jpeg\" \/>\n<meta name=\"twitter:card\" content=\"summary_large_image\" \/>\n<meta name=\"twitter:label1\" content=\"Est. reading time\" \/>\n\t<meta name=\"twitter:data1\" content=\"1 minute\" \/>\n<script type=\"application\/ld+json\" class=\"yoast-schema-graph\">{\"@context\":\"https:\\\/\\\/schema.org\",\"@graph\":[{\"@type\":\"WebPage\",\"@id\":\"https:\\\/\\\/studio-daar.com\\\/proizvodi\\\/heklana-clutch-torba-model-alma-od-makrame-konca-elegantna-rucna-torbica-sa-metalnim-zatvaranjem-vise-boja\\\/\",\"url\":\"https:\\\/\\\/studio-daar.com\\\/proizvodi\\\/heklana-clutch-torba-model-alma-od-makrame-konca-elegantna-rucna-torbica-sa-metalnim-zatvaranjem-vise-boja\\\/\",\"name\":\"Heklana 'clutch' torba, model ALMA od makrame konca \u2013 elegantna ru\u010dna torbica sa metalnim zatvaranjem, vi\u0161e boja - Studio Daar\",\"isPartOf\":{\"@id\":\"https:\\\/\\\/studio-daar.com\\\/#website\"},\"primaryImageOfPage\":{\"@id\":\"https:\\\/\\\/studio-daar.com\\\/proizvodi\\\/heklana-clutch-torba-model-alma-od-makrame-konca-elegantna-rucna-torbica-sa-metalnim-zatvaranjem-vise-boja\\\/#primaryimage\"},\"image\":{\"@id\":\"https:\\\/\\\/studio-daar.com\\\/proizvodi\\\/heklana-clutch-torba-model-alma-od-makrame-konca-elegantna-rucna-torbica-sa-metalnim-zatvaranjem-vise-boja\\\/#primaryimage\"},\"thumbnailUrl\":\"https:\\\/\\\/studio-daar.com\\\/wp-content\\\/uploads\\\/2025\\\/07\\\/BEC5C1B3-3FB6-46D9-B161-FC15C578E9BA.jpeg\",\"datePublished\":\"2025-07-17T08:58:37+00:00\",\"dateModified\":\"2025-11-06T11:44:32+00:00\",\"breadcrumb\":{\"@id\":\"https:\\\/\\\/studio-daar.com\\\/proizvodi\\\/heklana-clutch-torba-model-alma-od-makrame-konca-elegantna-rucna-torbica-sa-metalnim-zatvaranjem-vise-boja\\\/#breadcrumb\"},\"inLanguage\":\"en-US\",\"potentialAction\":[{\"@type\":\"ReadAction\",\"target\":[\"https:\\\/\\\/studio-daar.com\\\/proizvodi\\\/heklana-clutch-torba-model-alma-od-makrame-konca-elegantna-rucna-torbica-sa-metalnim-zatvaranjem-vise-boja\\\/\"]}]},{\"@type\":\"ImageObject\",\"inLanguage\":\"en-US\",\"@id\":\"https:\\\/\\\/studio-daar.com\\\/proizvodi\\\/heklana-clutch-torba-model-alma-od-makrame-konca-elegantna-rucna-torbica-sa-metalnim-zatvaranjem-vise-boja\\\/#primaryimage\",\"url\":\"https:\\\/\\\/studio-daar.com\\\/wp-content\\\/uploads\\\/2025\\\/07\\\/BEC5C1B3-3FB6-46D9-B161-FC15C578E9BA.jpeg\",\"contentUrl\":\"https:\\\/\\\/studio-daar.com\\\/wp-content\\\/uploads\\\/2025\\\/07\\\/BEC5C1B3-3FB6-46D9-B161-FC15C578E9BA.jpeg\",\"width\":1170,\"height\":1560},{\"@type\":\"BreadcrumbList\",\"@id\":\"https:\\\/\\\/studio-daar.com\\\/proizvodi\\\/heklana-clutch-torba-model-alma-od-makrame-konca-elegantna-rucna-torbica-sa-metalnim-zatvaranjem-vise-boja\\\/#breadcrumb\",\"itemListElement\":[{\"@type\":\"ListItem\",\"position\":1,\"name\":\"Po\u010detna\",\"item\":\"https:\\\/\\\/studio-daar.com\\\/\"},{\"@type\":\"ListItem\",\"position\":2,\"name\":\"Proizvodi\",\"item\":\"https:\\\/\\\/studio-daar.com\\\/proizvodi\\\/\"},{\"@type\":\"ListItem\",\"position\":3,\"name\":\"Heklana \u2018clutch\u2019 torba, model ALMA od makrame konca \u2013 elegantna ru\u010dna torbica sa metalnim zatvaranjem, vi\u0161e boja\"}]},{\"@type\":\"WebSite\",\"@id\":\"https:\\\/\\\/studio-daar.com\\\/#website\",\"url\":\"https:\\\/\\\/studio-daar.com\\\/\",\"name\":\"Studio Daar\",\"description\":\"Neobi\u010dno radjeni personalizovani pribor za jelo, minijature, nakit, unikatni mladenci za torte i razni drugi upotrebni predmeti\",\"publisher\":{\"@id\":\"https:\\\/\\\/studio-daar.com\\\/#organization\"},\"potentialAction\":[{\"@type\":\"SearchAction\",\"target\":{\"@type\":\"EntryPoint\",\"urlTemplate\":\"https:\\\/\\\/studio-daar.com\\\/?s={search_term_string}\"},\"query-input\":{\"@type\":\"PropertyValueSpecification\",\"valueRequired\":true,\"valueName\":\"search_term_string\"}}],\"inLanguage\":\"en-US\"},{\"@type\":\"Organization\",\"@id\":\"https:\\\/\\\/studio-daar.com\\\/#organization\",\"name\":\"Studio Daar\",\"url\":\"https:\\\/\\\/studio-daar.com\\\/\",\"logo\":{\"@type\":\"ImageObject\",\"inLanguage\":\"en-US\",\"@id\":\"https:\\\/\\\/studio-daar.com\\\/#\\\/schema\\\/logo\\\/image\\\/\",\"url\":\"https:\\\/\\\/studio-daar.com\\\/wp-content\\\/uploads\\\/2022\\\/02\\\/daar-logo-black-white.png\",\"contentUrl\":\"https:\\\/\\\/studio-daar.com\\\/wp-content\\\/uploads\\\/2022\\\/02\\\/daar-logo-black-white.png\",\"width\":250,\"height\":250,\"caption\":\"Studio Daar\"},\"image\":{\"@id\":\"https:\\\/\\\/studio-daar.com\\\/#\\\/schema\\\/logo\\\/image\\\/\"},\"sameAs\":[\"https:\\\/\\\/m.facebook.com\\\/daarstudio\\\/\",\"https:\\\/\\\/www.instagram.com\\\/studio_daar\\\/\",\"https:\\\/\\\/www.youtube.com\\\/channel\\\/UCLOc-OPFqfqvga5Nx69FAQQ\",\"https:\\\/\\\/www.pinterest.com\\\/radartadesign\\\/\",\"https:\\\/\\\/www.tiktok.com\\\/@studiodaar\"]}]}<\/script>\n<!-- \/ Yoast SEO plugin. -->","yoast_head_json":{"title":"Heklana 'clutch' torba, model ALMA od makrame konca \u2013 elegantna ru\u010dna torbica sa metalnim zatvaranjem, vi\u0161e boja - Studio Daar","robots":{"index":"index","follow":"follow","max-snippet":"max-snippet:-1","max-image-preview":"max-image-preview:large","max-video-preview":"max-video-preview:-1"},"canonical":"https:\/\/studio-daar.com\/en\/proizvodi\/heklana-clutch-torba-model-alma-od-makrame-konca-elegantna-rucna-torbica-sa-metalnim-zatvaranjem-vise-boja\/","og_locale":"en_US","og_type":"article","og_title":"Heklana 'clutch' torba, model ALMA od makrame konca \u2013 elegantna ru\u010dna torbica sa metalnim zatvaranjem, vi\u0161e boja - Studio Daar","og_description":"Predstavljamo vam jo\u0161 jedan ru\u010dno izra\u0111en dragulj iz na\u0161e kolekcije \u2013 modernu heklanu torbu od makrame konca, sa sofisticiranim aluminijumskim mehanizmom za zatvaranje. Torba je postavljena iznutra. Zahvaljuju\u0107i teksturi i obliku, ova torba odi\u0161e elegancijom, dok \u010dvrsti materijali pru\u017eaju dugotrajnost i stabilnost. Idealna je za sve va\u0161e letnje odevne kombinacije \u2013 od lepr\u0161avih haljina do \u2026 Heklana \u2018clutch\u2019 torba, model ALMA od makrame konca \u2013 elegantna ru\u010dna torbica sa metalnim zatvaranjem, vi\u0161e boja Read More \u00bb","og_url":"https:\/\/studio-daar.com\/en\/proizvodi\/heklana-clutch-torba-model-alma-od-makrame-konca-elegantna-rucna-torbica-sa-metalnim-zatvaranjem-vise-boja\/","og_site_name":"Studio Daar","article_publisher":"https:\/\/m.facebook.com\/daarstudio\/","article_modified_time":"2025-11-06T11:44:32+00:00","og_image":[{"width":1170,"height":1560,"url":"https:\/\/studio-daar.com\/wp-content\/uploads\/2025\/07\/BEC5C1B3-3FB6-46D9-B161-FC15C578E9BA.jpeg","type":"image\/jpeg"}],"twitter_card":"summary_large_image","twitter_misc":{"Est. reading time":"1 minute"},"schema":{"@context":"https:\/\/schema.org","@graph":[{"@type":"WebPage","@id":"https:\/\/studio-daar.com\/proizvodi\/heklana-clutch-torba-model-alma-od-makrame-konca-elegantna-rucna-torbica-sa-metalnim-zatvaranjem-vise-boja\/","url":"https:\/\/studio-daar.com\/proizvodi\/heklana-clutch-torba-model-alma-od-makrame-konca-elegantna-rucna-torbica-sa-metalnim-zatvaranjem-vise-boja\/","name":"Heklana 'clutch' torba, model ALMA od makrame konca \u2013 elegantna ru\u010dna torbica sa metalnim zatvaranjem, vi\u0161e boja - Studio Daar","isPartOf":{"@id":"https:\/\/studio-daar.com\/#website"},"primaryImageOfPage":{"@id":"https:\/\/studio-daar.com\/proizvodi\/heklana-clutch-torba-model-alma-od-makrame-konca-elegantna-rucna-torbica-sa-metalnim-zatvaranjem-vise-boja\/#primaryimage"},"image":{"@id":"https:\/\/studio-daar.com\/proizvodi\/heklana-clutch-torba-model-alma-od-makrame-konca-elegantna-rucna-torbica-sa-metalnim-zatvaranjem-vise-boja\/#primaryimage"},"thumbnailUrl":"https:\/\/studio-daar.com\/wp-content\/uploads\/2025\/07\/BEC5C1B3-3FB6-46D9-B161-FC15C578E9BA.jpeg","datePublished":"2025-07-17T08:58:37+00:00","dateModified":"2025-11-06T11:44:32+00:00","breadcrumb":{"@id":"https:\/\/studio-daar.com\/proizvodi\/heklana-clutch-torba-model-alma-od-makrame-konca-elegantna-rucna-torbica-sa-metalnim-zatvaranjem-vise-boja\/#breadcrumb"},"inLanguage":"en-US","potentialAction":[{"@type":"ReadAction","target":["https:\/\/studio-daar.com\/proizvodi\/heklana-clutch-torba-model-alma-od-makrame-konca-elegantna-rucna-torbica-sa-metalnim-zatvaranjem-vise-boja\/"]}]},{"@type":"ImageObject","inLanguage":"en-US","@id":"https:\/\/studio-daar.com\/proizvodi\/heklana-clutch-torba-model-alma-od-makrame-konca-elegantna-rucna-torbica-sa-metalnim-zatvaranjem-vise-boja\/#primaryimage","url":"https:\/\/studio-daar.com\/wp-content\/uploads\/2025\/07\/BEC5C1B3-3FB6-46D9-B161-FC15C578E9BA.jpeg","contentUrl":"https:\/\/studio-daar.com\/wp-content\/uploads\/2025\/07\/BEC5C1B3-3FB6-46D9-B161-FC15C578E9BA.jpeg","width":1170,"height":1560},{"@type":"BreadcrumbList","@id":"https:\/\/studio-daar.com\/proizvodi\/heklana-clutch-torba-model-alma-od-makrame-konca-elegantna-rucna-torbica-sa-metalnim-zatvaranjem-vise-boja\/#breadcrumb","itemListElement":[{"@type":"ListItem","position":1,"name":"Po\u010detna","item":"https:\/\/studio-daar.com\/"},{"@type":"ListItem","position":2,"name":"Proizvodi","item":"https:\/\/studio-daar.com\/proizvodi\/"},{"@type":"ListItem","position":3,"name":"Heklana \u2018clutch\u2019 torba, model ALMA od makrame konca \u2013 elegantna ru\u010dna torbica sa metalnim zatvaranjem, vi\u0161e boja"}]},{"@type":"WebSite","@id":"https:\/\/studio-daar.com\/#website","url":"https:\/\/studio-daar.com\/","name":"Studio Daar","description":"Neobi\u010dno radjeni personalizovani pribor za jelo, minijature, nakit, unikatni mladenci za torte i razni drugi upotrebni predmeti","publisher":{"@id":"https:\/\/studio-daar.com\/#organization"},"potentialAction":[{"@type":"SearchAction","target":{"@type":"EntryPoint","urlTemplate":"https:\/\/studio-daar.com\/?s={search_term_string}"},"query-input":{"@type":"PropertyValueSpecification","valueRequired":true,"valueName":"search_term_string"}}],"inLanguage":"en-US"},{"@type":"Organization","@id":"https:\/\/studio-daar.com\/#organization","name":"Studio Daar","url":"https:\/\/studio-daar.com\/","logo":{"@type":"ImageObject","inLanguage":"en-US","@id":"https:\/\/studio-daar.com\/#\/schema\/logo\/image\/","url":"https:\/\/studio-daar.com\/wp-content\/uploads\/2022\/02\/daar-logo-black-white.png","contentUrl":"https:\/\/studio-daar.com\/wp-content\/uploads\/2022\/02\/daar-logo-black-white.png","width":250,"height":250,"caption":"Studio Daar"},"image":{"@id":"https:\/\/studio-daar.com\/#\/schema\/logo\/image\/"},"sameAs":["https:\/\/m.facebook.com\/daarstudio\/","https:\/\/www.instagram.com\/studio_daar\/","https:\/\/www.youtube.com\/channel\/UCLOc-OPFqfqvga5Nx69FAQQ","https:\/\/www.pinterest.com\/radartadesign\/","https:\/\/www.tiktok.com\/@studiodaar"]}]}},"_links":{"self":[{"href":"https:\/\/studio-daar.com\/en\/wp-json\/wp\/v2\/product\/5636","targetHints":{"allow":["GET"]}}],"collection":[{"href":"https:\/\/studio-daar.com\/en\/wp-json\/wp\/v2\/product"}],"about":[{"href":"https:\/\/studio-daar.com\/en\/wp-json\/wp\/v2\/types\/product"}],"replies":[{"embeddable":true,"href":"https:\/\/studio-daar.com\/en\/wp-json\/wp\/v2\/comments?post=5636"}],"version-history":[{"count":0,"href":"https:\/\/studio-daar.com\/en\/wp-json\/wp\/v2\/product\/5636\/revisions"}],"wp:featuredmedia":[{"embeddable":true,"href":"https:\/\/studio-daar.com\/en\/wp-json\/wp\/v2\/media\/5637"}],"wp:attachment":[{"href":"https:\/\/studio-daar.com\/en\/wp-json\/wp\/v2\/media?parent=5636"}],"wp:term":[{"taxonomy":"product_cat","embeddable":true,"href":"https:\/\/studio-daar.com\/en\/wp-json\/wp\/v2\/product_cat?post=5636"},{"taxonomy":"product_tag","embeddable":true,"href":"https:\/\/studio-daar.com\/en\/wp-json\/wp\/v2\/product_tag?post=5636"}],"curies":[{"name":"wp","href":"https:\/\/api.w.org\/{rel}","templated":true}]}}